{"id":3148,"date":"2024-03-13T14:49:02","date_gmt":"2024-03-13T13:49:02","guid":{"rendered":"https:\/\/www.artoisplastiques.fr\/nasi-resursi\/"},"modified":"2024-12-13T10:27:23","modified_gmt":"2024-12-13T09:27:23","slug":"nasi-resursi","status":"publish","type":"page","link":"https:\/\/www.artoisplastiques.fr\/sr\/nasi-resursi\/","title":{"rendered":"Na\u0161i resursi"},"content":{"rendered":"\t\t<div data-elementor-type=\"wp-page\" data-elementor-id=\"3148\" class=\"elementor elementor-3148 elementor-34\" data-elementor-post-type=\"page\">\n\t\t\t\t<div class=\"elementor-element elementor-element-6ddc1e7 e-flex e-con-boxed e-con e-parent\" data-id=\"6ddc1e7\" data-element_type=\"container\" data-e-type=\"container\" data-settings=\"{&quot;background_background&quot;:&quot;classic&quot;,&quot;jet_parallax_layout_list&quot;:[]}\">\n\t\t\t\t\t<div class=\"e-con-inner\">\n\t\t\t\t<div class=\"elementor-element elementor-element-d054976 elementor-widget elementor-widget-heading\" data-id=\"d054976\" data-element_type=\"widget\" data-e-type=\"widget\" data-widget_type=\"heading.default\">\n\t\t\t\t<div class=\"elementor-widget-container\">\n\t\t\t\t\t<h1 class=\"elementor-heading-title elementor-size-default\">Na\u0161i resursi<\/h1>\t\t\t\t<\/div>\n\t\t\t\t<\/div>\n\t\t\t\t<div class=\"elementor-element elementor-element-95ee485 elementor-widget elementor-widget-text-editor\" data-id=\"95ee485\" data-element_type=\"widget\" data-e-type=\"widget\" data-widget_type=\"text-editor.default\">\n\t\t\t\t<div class=\"elementor-widget-container\">\n\t\t\t\t\t\t\t\t\t<p>Opremljena infrastrukturom visokog nivoa, iskusnim timovima i vrhunskom opremom, Artois Plastiques poseduju kapacitete i kvalitete potrebne da odgovore na va\u0161e potrebe za obradom, mehanosvarenjem i poluproizvodima od plastike.<\/p>\n\t\t\t\t\t\t\t\t<\/div>\n\t\t\t\t<\/div>\n\t\t\t\t\t<\/div>\n\t\t\t\t<\/div>\n\t\t<div class=\"elementor-element elementor-element-bd927fe e-flex e-con-boxed e-con e-parent\" data-id=\"bd927fe\" data-element_type=\"container\" data-e-type=\"container\" data-settings=\"{&quot;jet_parallax_layout_list&quot;:[],&quot;background_background&quot;:&quot;classic&quot;}\">\n\t\t\t\t\t<div class=\"e-con-inner\">\n\t\t<div class=\"elementor-element elementor-element-6bb85a4 e-con-full e-flex e-con e-child\" data-id=\"6bb85a4\" data-element_type=\"container\" data-e-type=\"container\" data-settings=\"{&quot;jet_parallax_layout_list&quot;:[]}\">\n\t\t<div class=\"elementor-element elementor-element-548bfb0 e-con-full e-flex e-con e-child\" data-id=\"548bfb0\" data-element_type=\"container\" data-e-type=\"container\" data-settings=\"{&quot;background_background&quot;:&quot;classic&quot;,&quot;jet_parallax_layout_list&quot;:[]}\">\n\t\t\t\t<\/div>\n\t\t<div class=\"elementor-element elementor-element-492ac0e e-con-full e-flex e-con e-child\" data-id=\"492ac0e\" data-element_type=\"container\" data-e-type=\"container\" data-settings=\"{&quot;jet_parallax_layout_list&quot;:[]}\">\n\t\t\t\t<div class=\"elementor-element elementor-element-32fd6c5 elementor-widget elementor-widget-heading\" data-id=\"32fd6c5\" data-element_type=\"widget\" data-e-type=\"widget\" data-widget_type=\"heading.default\">\n\t\t\t\t<div class=\"elementor-widget-container\">\n\t\t\t\t\t<h2 class=\"elementor-heading-title elementor-size-default\">Proizvodni alati<\/h2>\t\t\t\t<\/div>\n\t\t\t\t<\/div>\n\t\t\t\t<div class=\"elementor-element elementor-element-072a4ef elementor-widget elementor-widget-text-editor\" data-id=\"072a4ef\" data-element_type=\"widget\" data-e-type=\"widget\" data-widget_type=\"text-editor.default\">\n\t\t\t\t<div class=\"elementor-widget-container\">\n\t\t\t\t\t\t\t\t\t<p>Na\u0161 savremeni i redovno a\u017eurirani park ma\u0161ina omogu\u0107ava nam da odgovorimo na va\u0161e potrebe s precizno\u0161\u0107u i efikasno\u0161\u0107u. On je podeljen u tri sektora: <\/p>\n<ul>\n<li>Sektor rezanja: opremljen panelnim testerama, planirnim ma\u0161inama, frezama i drugim ure\u0111ajima za po\u010detno se\u010denje materijala.<\/li>\n<li>Sektor frezovanja: potpuno digitalizovan sa CNC obradnim centrima sa 3, 4 i 5 osa, \u0161to omogu\u0107ava obradu velikih delova (do 2500 x 800 x 800 mm).<\/li>\n<li>Sektor to\u010denja : opremljen sa CNC tokarskim centrima, sa integrisanim osovinama za frezovanje, kao i tradicionalnim tokarskim ma\u0161inama za specifi\u010dne primene.<\/li>\n<\/ul>\n\t\t\t\t\t\t\t\t<\/div>\n\t\t\t\t<\/div>\n\t\t\t\t<\/div>\n\t\t\t\t<\/div>\n\t\t\t\t\t<\/div>\n\t\t\t\t<\/div>\n\t\t<div class=\"elementor-element elementor-element-2fd8a5c e-flex e-con-boxed e-con e-parent\" data-id=\"2fd8a5c\" data-element_type=\"container\" data-e-type=\"container\" data-settings=\"{&quot;jet_parallax_layout_list&quot;:[],&quot;background_background&quot;:&quot;classic&quot;}\">\n\t\t\t\t\t<div class=\"e-con-inner\">\n\t\t<div class=\"elementor-element elementor-element-fc7c050 e-con-full e-flex e-con e-child\" data-id=\"fc7c050\" data-element_type=\"container\" data-e-type=\"container\" data-settings=\"{&quot;jet_parallax_layout_list&quot;:[]}\">\n\t\t<div class=\"elementor-element elementor-element-6996ff7 e-con-full e-flex e-con e-child\" data-id=\"6996ff7\" data-element_type=\"container\" data-e-type=\"container\" data-settings=\"{&quot;background_background&quot;:&quot;classic&quot;,&quot;jet_parallax_layout_list&quot;:[]}\">\n\t\t\t\t<\/div>\n\t\t<div class=\"elementor-element elementor-element-10e63f0 e-con-full e-flex e-con e-child\" data-id=\"10e63f0\" data-element_type=\"container\" data-e-type=\"container\" data-settings=\"{&quot;jet_parallax_layout_list&quot;:[]}\">\n\t\t\t\t<div class=\"elementor-element elementor-element-4b6db26 elementor-widget elementor-widget-heading\" data-id=\"4b6db26\" data-element_type=\"widget\" data-e-type=\"widget\" data-widget_type=\"heading.default\">\n\t\t\t\t<div class=\"elementor-widget-container\">\n\t\t\t\t\t<h2 class=\"elementor-heading-title elementor-size-default\">Zgrade<\/h2>\t\t\t\t<\/div>\n\t\t\t\t<\/div>\n\t\t\t\t<div class=\"elementor-element elementor-element-9b83b98 elementor-widget elementor-widget-text-editor\" data-id=\"9b83b98\" data-element_type=\"widget\" data-e-type=\"widget\" data-widget_type=\"text-editor.default\">\n\t\t\t\t<div class=\"elementor-widget-container\">\n\t\t\t\t\t\t\t\t\t<p>Na\u0161i prostori, ukupne povr\u0161ine od 3000 m2, raspore\u0111eni su u dva objekta posve\u0107ena proizvodnji i tehni\u010dkim uslugama.<\/p>\n<ul>\n<li>Prvi objekat, potpuno klimatizovan, sadr\u017ei na\u0161u radionicu za obradu plastike, laboratoriju za kontrolu kvaliteta kako bi se osigurala kvaliteta proizvedenih delova, kao i tehni\u010dke i projektantske kancelarije za dizajn va\u0161ih projekata.<\/li>\n<li>Drugi objekat je posve\u0107en mehanosvarivanju, plasti\u010dnoj \u010deli\u010denju i se\u010denju poluproizvoda, a tako\u0111e se nalaze i administrativne i komercijalne kancelarije kako bi se obezbedila brza usluga za na\u0161e klijente.<\/li>\n<\/ul>\n\t\t\t\t\t\t\t\t<\/div>\n\t\t\t\t<\/div>\n\t\t\t\t<\/div>\n\t\t\t\t<\/div>\n\t\t\t\t\t<\/div>\n\t\t\t\t<\/div>\n\t\t<div class=\"elementor-element elementor-element-b5d077f e-flex e-con-boxed e-con e-parent\" data-id=\"b5d077f\" data-element_type=\"container\" data-e-type=\"container\" data-settings=\"{&quot;jet_parallax_layout_list&quot;:[]}\">\n\t\t\t\t\t<div class=\"e-con-inner\">\n\t\t<div class=\"elementor-element elementor-element-ba2ea45 e-con-full e-flex e-con e-child\" data-id=\"ba2ea45\" data-element_type=\"container\" data-e-type=\"container\" data-settings=\"{&quot;jet_parallax_layout_list&quot;:[]}\">\n\t\t<div class=\"elementor-element elementor-element-97bf6d3 e-con-full e-flex e-con e-child\" data-id=\"97bf6d3\" data-element_type=\"container\" data-e-type=\"container\" data-settings=\"{&quot;background_background&quot;:&quot;classic&quot;,&quot;jet_parallax_layout_list&quot;:[]}\">\n\t\t\t\t<\/div>\n\t\t<div class=\"elementor-element elementor-element-e783e79 e-con-full e-flex e-con e-child\" data-id=\"e783e79\" data-element_type=\"container\" data-e-type=\"container\" data-settings=\"{&quot;jet_parallax_layout_list&quot;:[]}\">\n\t\t\t\t<div class=\"elementor-element elementor-element-8272afe elementor-widget elementor-widget-heading\" data-id=\"8272afe\" data-element_type=\"widget\" data-e-type=\"widget\" data-widget_type=\"heading.default\">\n\t\t\t\t<div class=\"elementor-widget-container\">\n\t\t\t\t\t<h2 class=\"elementor-heading-title elementor-size-default\">In\u017eenjerski biro<\/h2>\t\t\t\t<\/div>\n\t\t\t\t<\/div>\n\t\t\t\t<div class=\"elementor-element elementor-element-6765600 elementor-widget elementor-widget-text-editor\" data-id=\"6765600\" data-element_type=\"widget\" data-e-type=\"widget\" data-widget_type=\"text-editor.default\">\n\t\t\t\t<div class=\"elementor-widget-container\">\n\t\t\t\t\t\t\t\t\t<p>Na\u0161 projektni ured, opremljen najnovijim CAD \/ CAM softverom, u mogu\u0107nosti je da upravlja slo\u017eenim projektima, od dizajna do izrade tehni\u010dkih planova. Podr\u017eavamo bilo koju vrstu 2D ili 3D datoteke kako bismo osigurali precizan dizajn prilago\u0111en va\u0161im potrebama i nudimo punu tehni\u010dku podr\u0161ku za razvoj mehani\u010dkih sistema i prototipova. <\/p>\n\t\t\t\t\t\t\t\t<\/div>\n\t\t\t\t<\/div>\n\t\t\t\t<\/div>\n\t\t\t\t<\/div>\n\t\t\t\t\t<\/div>\n\t\t\t\t<\/div>\n\t\t<div class=\"elementor-element elementor-element-fbae6a8 e-flex e-con-boxed e-con e-parent\" data-id=\"fbae6a8\" data-element_type=\"container\" data-e-type=\"container\" data-settings=\"{&quot;jet_parallax_layout_list&quot;:[],&quot;background_background&quot;:&quot;classic&quot;}\">\n\t\t\t\t\t<div class=\"e-con-inner\">\n\t\t<div class=\"elementor-element elementor-element-91e44d6 e-con-full e-flex e-con e-child\" data-id=\"91e44d6\" data-element_type=\"container\" data-e-type=\"container\" data-settings=\"{&quot;jet_parallax_layout_list&quot;:[]}\">\n\t\t<div class=\"elementor-element elementor-element-083f2ac e-con-full e-flex e-con e-child\" data-id=\"083f2ac\" data-element_type=\"container\" data-e-type=\"container\" data-settings=\"{&quot;background_background&quot;:&quot;classic&quot;,&quot;jet_parallax_layout_list&quot;:[]}\">\n\t\t\t\t<\/div>\n\t\t<div class=\"elementor-element elementor-element-0b1f8b2 e-con-full e-flex e-con e-child\" data-id=\"0b1f8b2\" data-element_type=\"container\" data-e-type=\"container\" data-settings=\"{&quot;jet_parallax_layout_list&quot;:[]}\">\n\t\t\t\t<div class=\"elementor-element elementor-element-d36f95a elementor-widget elementor-widget-heading\" data-id=\"d36f95a\" data-element_type=\"widget\" data-e-type=\"widget\" data-widget_type=\"heading.default\">\n\t\t\t\t<div class=\"elementor-widget-container\">\n\t\t\t\t\t<h2 class=\"elementor-heading-title elementor-size-default\">Ljudska<\/h2>\t\t\t\t<\/div>\n\t\t\t\t<\/div>\n\t\t\t\t<div class=\"elementor-element elementor-element-23f6f7f elementor-widget elementor-widget-text-editor\" data-id=\"23f6f7f\" data-element_type=\"widget\" data-e-type=\"widget\" data-widget_type=\"text-editor.default\">\n\t\t\t\t<div class=\"elementor-widget-container\">\n\t\t\t\t\t\t\t\t\t<p>Sa timom od 20 ljudi, uklju\u010duju\u0107i kvalifikovane tehni\u010dare, in\u017eenjere i administrativno osoblje, Artois Plastikues se oslanja na iskusno i redovno obu\u010deno osoblje. Lojalnost na\u0161eg tima i na\u0161a posve\u0107enost internoj obuci garantuju visok nivo kompetentnosti, direktno povezan sa specifi\u010dnim potrebama na\u0161ih kupaca.<br \/>Artois Plastikues je stvorio sopstveni centar za obuku pre 10 godina. <\/p>\n\t\t\t\t\t\t\t\t<\/div>\n\t\t\t\t<\/div>\n\t\t\t\t<\/div>\n\t\t\t\t<\/div>\n\t\t\t\t\t<\/div>\n\t\t\t\t<\/div>\n\t\t<div class=\"elementor-element elementor-element-f8daaf8 e-flex e-con-boxed e-con e-parent\" data-id=\"f8daaf8\" data-element_type=\"container\" data-e-type=\"container\" data-settings=\"{&quot;background_background&quot;:&quot;classic&quot;,&quot;jet_parallax_layout_list&quot;:[]}\">\n\t\t\t\t\t<div class=\"e-con-inner\">\n\t\t<div class=\"elementor-element elementor-element-3e474c4 e-con-full e-flex e-con e-child\" data-id=\"3e474c4\" data-element_type=\"container\" data-e-type=\"container\" data-settings=\"{&quot;jet_parallax_layout_list&quot;:[]}\">\n\t\t\t\t<div class=\"elementor-element elementor-element-8535668 elementor-widget elementor-widget-heading\" data-id=\"8535668\" data-element_type=\"widget\" data-e-type=\"widget\" data-widget_type=\"heading.default\">\n\t\t\t\t<div class=\"elementor-widget-container\">\n\t\t\t\t\t<h2 class=\"elementor-heading-title elementor-size-default\">Imate projekat?<\/h2>\t\t\t\t<\/div>\n\t\t\t\t<\/div>\n\t\t\t\t<div class=\"elementor-element elementor-element-b7ee921 elementor-widget elementor-widget-heading\" data-id=\"b7ee921\" data-element_type=\"widget\" data-e-type=\"widget\" data-widget_type=\"heading.default\">\n\t\t\t\t<div class=\"elementor-widget-container\">\n\t\t\t\t\t<span class=\"elementor-heading-title elementor-size-default\">Na\u0161i tehni\u010dari \u0107e rado odgovoriti na va\u0161a pitanja.<\/span>\t\t\t\t<\/div>\n\t\t\t\t<\/div>\n\t\t\t\t<\/div>\n\t\t<div class=\"elementor-element elementor-element-91670b4 e-con-full e-flex e-con e-child\" data-id=\"91670b4\" data-element_type=\"container\" data-e-type=\"container\" data-settings=\"{&quot;jet_parallax_layout_list&quot;:[]}\">\n\t\t\t\t<div class=\"elementor-element elementor-element-b940a73 contact-btn elementor-widget elementor-widget-raven-image\" data-id=\"b940a73\" data-element_type=\"widget\" data-e-type=\"widget\" data-widget_type=\"raven-image.default\">\n\t\t\t\t<div class=\"elementor-widget-container\">\n\t\t\t\t\t\t\t<div class=\"raven-image\">\n\t\t\n\t\t\n\t\t<img fetchpriority=\"high\" decoding=\"async\" width=\"482\" height=\"107\" src=\"https:\/\/www.artoisplastiques.fr\/wp-content\/uploads\/2024\/10\/Bouton-Contact.png\" class=\"attachment-full size-full wp-image-3081\" alt=\"\" srcset=\"https:\/\/www.artoisplastiques.fr\/wp-content\/uploads\/2024\/10\/Bouton-Contact.png 482w, https:\/\/www.artoisplastiques.fr\/wp-content\/uploads\/2024\/10\/Bouton-Contact-300x67.png 300w\" sizes=\"(max-width: 482px) 100vw, 482px\" \/>\t\t<\/div>\n\t\t\t\t\t\t<\/div>\n\t\t\t\t<\/div>\n\t\t\t\t<\/div>\n\t\t\t\t\t<\/div>\n\t\t\t\t<\/div>\n\t\t\t\t<\/div>\n\t\t","protected":false},"excerpt":{"rendered":"<p>Na\u0161i resursi Opremljena infrastrukturom visokog nivoa, iskusnim timovima i vrhunskom opremom, Artois Plastiques poseduju kapacitete i kvalitete potrebne da odgovore na va\u0161e potrebe za obradom, mehanosvarenjem i poluproizvodima od plastike. Proizvodni alati Na\u0161 savremeni i redovno a\u017eurirani park ma\u0161ina omogu\u0107ava nam da odgovorimo na va\u0161e potrebe s precizno\u0161\u0107u i efikasno\u0161\u0107u. On je podeljen u tri [&hellip;]<\/p>\n","protected":false},"author":1,"featured_media":58,"parent":0,"menu_order":0,"comment_status":"closed","ping_status":"closed","template":"","meta":{"_acf_changed":false,"iawp_total_views":11,"footnotes":""},"class_list":["post-3148","page","type-page","status-publish","has-post-thumbnail","hentry"],"acf":[],"yoast_head":"<!-- This site is optimized with the Yoast SEO plugin v27.4 - https:\/\/yoast.com\/product\/yoast-seo-wordpress\/ -->\n<title>Na\u0161i resursi - Artois Plastiques<\/title>\n<meta name=\"robots\" content=\"index, follow, max-snippet:-1, max-image-preview:large, max-video-preview:-1\" \/>\n<link rel=\"canonical\" href=\"https:\/\/www.artoisplastiques.fr\/sr\/nasi-resursi\/\" \/>\n<meta property=\"og:locale\" content=\"sr_RS\" \/>\n<meta property=\"og:type\" content=\"article\" \/>\n<meta property=\"og:title\" content=\"Na\u0161i resursi - Artois Plastiques\" \/>\n<meta property=\"og:description\" content=\"Na\u0161i resursi Opremljena infrastrukturom visokog nivoa, iskusnim timovima i vrhunskom opremom, Artois Plastiques poseduju kapacitete i kvalitete potrebne da odgovore na va\u0161e potrebe za obradom, mehanosvarenjem i poluproizvodima od plastike. Proizvodni alati Na\u0161 savremeni i redovno a\u017eurirani park ma\u0161ina omogu\u0107ava nam da odgovorimo na va\u0161e potrebe s precizno\u0161\u0107u i efikasno\u0161\u0107u. On je podeljen u tri [&hellip;]\" \/>\n<meta property=\"og:url\" content=\"https:\/\/www.artoisplastiques.fr\/sr\/nasi-resursi\/\" \/>\n<meta property=\"og:site_name\" content=\"Artois Plastiques\" \/>\n<meta property=\"article:modified_time\" content=\"2024-12-13T09:27:23+00:00\" \/>\n<meta property=\"og:image\" content=\"https:\/\/www.artoisplastiques.fr\/wp-content\/uploads\/2024\/03\/artois-footer.jpg\" \/>\n\t<meta property=\"og:image:width\" content=\"315\" \/>\n\t<meta property=\"og:image:height\" content=\"116\" \/>\n\t<meta property=\"og:image:type\" content=\"image\/jpeg\" \/>\n<meta name=\"twitter:card\" content=\"summary_large_image\" \/>\n<meta name=\"twitter:label1\" content=\"\u041f\u0440\u043e\u0446\u0435\u045a\u0435\u043d\u043e \u0432\u0440\u0435\u043c\u0435 \u0447\u0438\u0442\u0430\u045a\u0430\" \/>\n\t<meta name=\"twitter:data1\" content=\"2 \u043c\u0438\u043d\u0443\u0442\u0430\" \/>\n<script type=\"application\/ld+json\" class=\"yoast-schema-graph\">{\"@context\":\"https:\\\/\\\/schema.org\",\"@graph\":[{\"@type\":\"WebPage\",\"@id\":\"https:\\\/\\\/www.artoisplastiques.fr\\\/sr\\\/nasi-resursi\\\/\",\"url\":\"https:\\\/\\\/www.artoisplastiques.fr\\\/sr\\\/nasi-resursi\\\/\",\"name\":\"Na\u0161i resursi - Artois Plastiques\",\"isPartOf\":{\"@id\":\"https:\\\/\\\/www.artoisplastiques.fr\\\/sr\\\/#website\"},\"primaryImageOfPage\":{\"@id\":\"https:\\\/\\\/www.artoisplastiques.fr\\\/sr\\\/nasi-resursi\\\/#primaryimage\"},\"image\":{\"@id\":\"https:\\\/\\\/www.artoisplastiques.fr\\\/sr\\\/nasi-resursi\\\/#primaryimage\"},\"thumbnailUrl\":\"https:\\\/\\\/www.artoisplastiques.fr\\\/wp-content\\\/uploads\\\/2024\\\/03\\\/artois-footer.jpg\",\"datePublished\":\"2024-03-13T13:49:02+00:00\",\"dateModified\":\"2024-12-13T09:27:23+00:00\",\"breadcrumb\":{\"@id\":\"https:\\\/\\\/www.artoisplastiques.fr\\\/sr\\\/nasi-resursi\\\/#breadcrumb\"},\"inLanguage\":\"sr-RS\",\"potentialAction\":[{\"@type\":\"ReadAction\",\"target\":[\"https:\\\/\\\/www.artoisplastiques.fr\\\/sr\\\/nasi-resursi\\\/\"]}]},{\"@type\":\"ImageObject\",\"inLanguage\":\"sr-RS\",\"@id\":\"https:\\\/\\\/www.artoisplastiques.fr\\\/sr\\\/nasi-resursi\\\/#primaryimage\",\"url\":\"https:\\\/\\\/www.artoisplastiques.fr\\\/wp-content\\\/uploads\\\/2024\\\/03\\\/artois-footer.jpg\",\"contentUrl\":\"https:\\\/\\\/www.artoisplastiques.fr\\\/wp-content\\\/uploads\\\/2024\\\/03\\\/artois-footer.jpg\",\"width\":315,\"height\":116,\"caption\":\"logo artois plastiques footer\"},{\"@type\":\"BreadcrumbList\",\"@id\":\"https:\\\/\\\/www.artoisplastiques.fr\\\/sr\\\/nasi-resursi\\\/#breadcrumb\",\"itemListElement\":[{\"@type\":\"ListItem\",\"position\":1,\"name\":\"Accueil\",\"item\":\"https:\\\/\\\/www.artoisplastiques.fr\\\/sr\\\/\"},{\"@type\":\"ListItem\",\"position\":2,\"name\":\"Na\u0161i resursi\"}]},{\"@type\":\"WebSite\",\"@id\":\"https:\\\/\\\/www.artoisplastiques.fr\\\/sr\\\/#website\",\"url\":\"https:\\\/\\\/www.artoisplastiques.fr\\\/sr\\\/\",\"name\":\"Artois Plastiques\",\"description\":\"ARTOIS PLASTIQUES VOTRE PARTENAIRE POUR LA R\u00c9ALISATION DE PI\u00c8CES EN PLASTIQUES TECHNIQUES\",\"potentialAction\":[{\"@type\":\"SearchAction\",\"target\":{\"@type\":\"EntryPoint\",\"urlTemplate\":\"https:\\\/\\\/www.artoisplastiques.fr\\\/sr\\\/?s={search_term_string}\"},\"query-input\":{\"@type\":\"PropertyValueSpecification\",\"valueRequired\":true,\"valueName\":\"search_term_string\"}}],\"inLanguage\":\"sr-RS\"}]}<\/script>\n<!-- \/ Yoast SEO plugin. -->","yoast_head_json":{"title":"Na\u0161i resursi - Artois Plastiques","robots":{"index":"index","follow":"follow","max-snippet":"max-snippet:-1","max-image-preview":"max-image-preview:large","max-video-preview":"max-video-preview:-1"},"canonical":"https:\/\/www.artoisplastiques.fr\/sr\/nasi-resursi\/","og_locale":"sr_RS","og_type":"article","og_title":"Na\u0161i resursi - Artois Plastiques","og_description":"Na\u0161i resursi Opremljena infrastrukturom visokog nivoa, iskusnim timovima i vrhunskom opremom, Artois Plastiques poseduju kapacitete i kvalitete potrebne da odgovore na va\u0161e potrebe za obradom, mehanosvarenjem i poluproizvodima od plastike. Proizvodni alati Na\u0161 savremeni i redovno a\u017eurirani park ma\u0161ina omogu\u0107ava nam da odgovorimo na va\u0161e potrebe s precizno\u0161\u0107u i efikasno\u0161\u0107u. On je podeljen u tri [&hellip;]","og_url":"https:\/\/www.artoisplastiques.fr\/sr\/nasi-resursi\/","og_site_name":"Artois Plastiques","article_modified_time":"2024-12-13T09:27:23+00:00","og_image":[{"width":315,"height":116,"url":"https:\/\/www.artoisplastiques.fr\/wp-content\/uploads\/2024\/03\/artois-footer.jpg","type":"image\/jpeg"}],"twitter_card":"summary_large_image","twitter_misc":{"\u041f\u0440\u043e\u0446\u0435\u045a\u0435\u043d\u043e \u0432\u0440\u0435\u043c\u0435 \u0447\u0438\u0442\u0430\u045a\u0430":"2 \u043c\u0438\u043d\u0443\u0442\u0430"},"schema":{"@context":"https:\/\/schema.org","@graph":[{"@type":"WebPage","@id":"https:\/\/www.artoisplastiques.fr\/sr\/nasi-resursi\/","url":"https:\/\/www.artoisplastiques.fr\/sr\/nasi-resursi\/","name":"Na\u0161i resursi - Artois Plastiques","isPartOf":{"@id":"https:\/\/www.artoisplastiques.fr\/sr\/#website"},"primaryImageOfPage":{"@id":"https:\/\/www.artoisplastiques.fr\/sr\/nasi-resursi\/#primaryimage"},"image":{"@id":"https:\/\/www.artoisplastiques.fr\/sr\/nasi-resursi\/#primaryimage"},"thumbnailUrl":"https:\/\/www.artoisplastiques.fr\/wp-content\/uploads\/2024\/03\/artois-footer.jpg","datePublished":"2024-03-13T13:49:02+00:00","dateModified":"2024-12-13T09:27:23+00:00","breadcrumb":{"@id":"https:\/\/www.artoisplastiques.fr\/sr\/nasi-resursi\/#breadcrumb"},"inLanguage":"sr-RS","potentialAction":[{"@type":"ReadAction","target":["https:\/\/www.artoisplastiques.fr\/sr\/nasi-resursi\/"]}]},{"@type":"ImageObject","inLanguage":"sr-RS","@id":"https:\/\/www.artoisplastiques.fr\/sr\/nasi-resursi\/#primaryimage","url":"https:\/\/www.artoisplastiques.fr\/wp-content\/uploads\/2024\/03\/artois-footer.jpg","contentUrl":"https:\/\/www.artoisplastiques.fr\/wp-content\/uploads\/2024\/03\/artois-footer.jpg","width":315,"height":116,"caption":"logo artois plastiques footer"},{"@type":"BreadcrumbList","@id":"https:\/\/www.artoisplastiques.fr\/sr\/nasi-resursi\/#breadcrumb","itemListElement":[{"@type":"ListItem","position":1,"name":"Accueil","item":"https:\/\/www.artoisplastiques.fr\/sr\/"},{"@type":"ListItem","position":2,"name":"Na\u0161i resursi"}]},{"@type":"WebSite","@id":"https:\/\/www.artoisplastiques.fr\/sr\/#website","url":"https:\/\/www.artoisplastiques.fr\/sr\/","name":"Artois Plastiques","description":"ARTOIS PLASTIQUES VOTRE PARTENAIRE POUR LA R\u00c9ALISATION DE PI\u00c8CES EN PLASTIQUES TECHNIQUES","potentialAction":[{"@type":"SearchAction","target":{"@type":"EntryPoint","urlTemplate":"https:\/\/www.artoisplastiques.fr\/sr\/?s={search_term_string}"},"query-input":{"@type":"PropertyValueSpecification","valueRequired":true,"valueName":"search_term_string"}}],"inLanguage":"sr-RS"}]}},"_links":{"self":[{"href":"https:\/\/www.artoisplastiques.fr\/sr\/wp-json\/wp\/v2\/pages\/3148","targetHints":{"allow":["GET"]}}],"collection":[{"href":"https:\/\/www.artoisplastiques.fr\/sr\/wp-json\/wp\/v2\/pages"}],"about":[{"href":"https:\/\/www.artoisplastiques.fr\/sr\/wp-json\/wp\/v2\/types\/page"}],"author":[{"embeddable":true,"href":"https:\/\/www.artoisplastiques.fr\/sr\/wp-json\/wp\/v2\/users\/1"}],"replies":[{"embeddable":true,"href":"https:\/\/www.artoisplastiques.fr\/sr\/wp-json\/wp\/v2\/comments?post=3148"}],"version-history":[{"count":1,"href":"https:\/\/www.artoisplastiques.fr\/sr\/wp-json\/wp\/v2\/pages\/3148\/revisions"}],"predecessor-version":[{"id":3156,"href":"https:\/\/www.artoisplastiques.fr\/sr\/wp-json\/wp\/v2\/pages\/3148\/revisions\/3156"}],"wp:featuredmedia":[{"embeddable":true,"href":"https:\/\/www.artoisplastiques.fr\/sr\/wp-json\/wp\/v2\/media\/58"}],"wp:attachment":[{"href":"https:\/\/www.artoisplastiques.fr\/sr\/wp-json\/wp\/v2\/media?parent=3148"}],"curies":[{"name":"wp","href":"https:\/\/api.w.org\/{rel}","templated":true}]}}