{"id":3098,"date":"2024-03-13T14:50:24","date_gmt":"2024-03-13T13:50:24","guid":{"rendered":"https:\/\/www.artoisplastiques.fr\/pravna-obavestenja\/"},"modified":"2024-12-12T14:50:49","modified_gmt":"2024-12-12T13:50:49","slug":"pravna-obavestenja","status":"publish","type":"page","link":"https:\/\/www.artoisplastiques.fr\/sr\/pravna-obavestenja\/","title":{"rendered":"Pravna obave\u0161tenja"},"content":{"rendered":"\t\t<div data-elementor-type=\"wp-page\" data-elementor-id=\"3098\" class=\"elementor elementor-3098 elementor-44\" data-elementor-post-type=\"page\">\n\t\t\t\t<div class=\"elementor-element elementor-element-2e1745b e-flex e-con-boxed e-con e-parent\" data-id=\"2e1745b\" data-element_type=\"container\" data-e-type=\"container\" data-settings=\"{&quot;background_background&quot;:&quot;classic&quot;,&quot;jet_parallax_layout_list&quot;:[]}\">\n\t\t\t\t\t<div class=\"e-con-inner\">\n\t\t<div class=\"elementor-element elementor-element-2670ddd e-con-full e-flex e-con e-child\" data-id=\"2670ddd\" data-element_type=\"container\" data-e-type=\"container\" data-settings=\"{&quot;jet_parallax_layout_list&quot;:[]}\">\n\t\t\t\t<div class=\"elementor-element elementor-element-0491841 elementor-view-default elementor-widget elementor-widget-icon\" data-id=\"0491841\" data-element_type=\"widget\" data-e-type=\"widget\" data-widget_type=\"icon.default\">\n\t\t\t\t<div class=\"elementor-widget-container\">\n\t\t\t\t\t\t\t<div class=\"elementor-icon-wrapper\">\n\t\t\t<div class=\"elementor-icon\">\n\t\t\t<svg aria-hidden=\"true\" class=\"e-font-icon-svg e-fas-square-full\" viewBox=\"0 0 512 512\" xmlns=\"http:\/\/www.w3.org\/2000\/svg\"><path d=\"M512 512H0V0h512v512z\"><\/path><\/svg>\t\t\t<\/div>\n\t\t<\/div>\n\t\t\t\t\t\t<\/div>\n\t\t\t\t<\/div>\n\t\t\t\t<div class=\"elementor-element elementor-element-6dea509 elementor-widget elementor-widget-heading\" data-id=\"6dea509\" data-element_type=\"widget\" data-e-type=\"widget\" data-widget_type=\"heading.default\">\n\t\t\t\t<div class=\"elementor-widget-container\">\n\t\t\t\t\t<h4 class=\"elementor-heading-title elementor-size-default\">Pravna obave\u0161tenja \/ Krediti<\/h4>\t\t\t\t<\/div>\n\t\t\t\t<\/div>\n\t\t\t\t<\/div>\n\t\t\t\t\t<\/div>\n\t\t\t\t<\/div>\n\t\t<div class=\"elementor-element elementor-element-6a6ee0e e-flex e-con-boxed e-con e-parent\" data-id=\"6a6ee0e\" data-element_type=\"container\" data-e-type=\"container\" data-settings=\"{&quot;jet_parallax_layout_list&quot;:[]}\">\n\t\t\t\t\t<div class=\"e-con-inner\">\n\t\t\t\t<div class=\"elementor-element elementor-element-7a0a1a8 elementor-widget elementor-widget-text-editor\" data-id=\"7a0a1a8\" data-element_type=\"widget\" data-e-type=\"widget\" data-widget_type=\"text-editor.default\">\n\t\t\t\t<div class=\"elementor-widget-container\">\n\t\t\t\t\t\t\t\t\t<p>U cilju ve\u0107eg po\u0161tovanja sloboda svakog pojedinca, www.artoisplastiques.fr po\u0161tuje slede\u0107e odredbe:<\/p>\n\t\t\t\t\t\t\t\t<\/div>\n\t\t\t\t<\/div>\n\t\t\t\t<div class=\"elementor-element elementor-element-ba69280 elementor-widget elementor-widget-text-editor\" data-id=\"ba69280\" data-element_type=\"widget\" data-e-type=\"widget\" data-widget_type=\"text-editor.default\">\n\t\t\t\t<div class=\"elementor-widget-container\">\n\t\t\t\t\t\t\t\t\t<p><strong><span style=\"color: #177600;\">Zakon od 6. januara 1978. o ra\u010dunarskoj i li\u010dnim slobodama:<\/span><\/strong><\/p>\n<p>U skladu sa zakonom br. 78-17 od 6. januara 1978, u svakom trenutku mo\u017eete pristupiti li\u010dnim podacima koji se odnose na vas i koji su u na\u0161oj posedini, zahtevati njihovu izmenu ili brisanje slanjem mejla na ap@artoisplastiques.fr.<\/p>\n\t\t\t\t\t\t\t\t<\/div>\n\t\t\t\t<\/div>\n\t\t\t\t<div class=\"elementor-element elementor-element-fbaf70a elementor-widget elementor-widget-text-editor\" data-id=\"fbaf70a\" data-element_type=\"widget\" data-e-type=\"widget\" data-widget_type=\"text-editor.default\">\n\t\t\t\t<div class=\"elementor-widget-container\">\n\t\t\t\t\t\t\t\t\t<p><strong><span style=\"color: #177600;\">Zakon od 1. avgusta 2000. o slobodi komunikacije:<\/span><\/strong><\/p>\n<p>Ovaj sajt je izdava\u010d dru\u0161tva Audace.<\/p>\n<p>65 rue de Glasgow<\/p>\n<p>Parc d&#8217;activit\u00e9 Artois-Flandres<\/p>\n<p>62138 DOUVRIN<\/p>\n<p>France<\/p>\n\t\t\t\t\t\t\t\t<\/div>\n\t\t\t\t<\/div>\n\t\t\t\t<div class=\"elementor-element elementor-element-e8b709c elementor-widget elementor-widget-text-editor\" data-id=\"e8b709c\" data-element_type=\"widget\" data-e-type=\"widget\" data-widget_type=\"text-editor.default\">\n\t\t\t\t<div class=\"elementor-widget-container\">\n\t\t\t\t\t\t\t\t\t<p><strong><span style=\"color: #177600;\">Urednik odgovoran:<\/span><\/strong><\/p>\n<p>M. J\u00e9r\u00f4me Lobel<\/p>\n\t\t\t\t\t\t\t\t<\/div>\n\t\t\t\t<\/div>\n\t\t\t\t<div class=\"elementor-element elementor-element-231b62b elementor-widget elementor-widget-text-editor\" data-id=\"231b62b\" data-element_type=\"widget\" data-e-type=\"widget\" data-widget_type=\"text-editor.default\">\n\t\t\t\t<div class=\"elementor-widget-container\">\n\t\t\t\t\t\t\t\t\t<p><strong><span style=\"color: #177600;\">Hosting:<\/span><\/strong><\/p>\n<p>Hosting sajta obezbe\u0111uje kompanija OVH.<\/p>\n<p>SAS sa kapitalom od 10 000 000 \u20ac<\/p>\n<p>RCS Roubaix \u2013 Tourcoing 424 761 419 00045<\/p>\n<p>Code APE 6202A<\/p>\n<p>N\u00b0 TVA : FR 22 424 761 419<\/p>\n<p>Sjedi\u0161te: 2 rue Kellermann &#8211; 59100 Roubaix &#8211; Francuska.<\/p>\n\t\t\t\t\t\t\t\t<\/div>\n\t\t\t\t<\/div>\n\t\t\t\t<div class=\"elementor-element elementor-element-7c129e9 elementor-widget elementor-widget-text-editor\" data-id=\"7c129e9\" data-element_type=\"widget\" data-e-type=\"widget\" data-widget_type=\"text-editor.default\">\n\t\t\t\t<div class=\"elementor-widget-container\">\n\t\t\t\t\t\t\t\t\t<p><strong><span style=\"color: #177600;\">Prikupljanje podataka li\u010dne prirode:<\/span><\/strong><\/p>\n<p>U skladu sa zakonom o ra\u010dunarskim i li\u010dnim slobodama od 6. januara 1978, obave\u0161tavamo vas da se podaci li\u010dne prirode prikupljeni od korisnika putem obrasca ili na drugi na\u010din, ni u kom slu\u010daju, ne mogu biti preneti, bilo besplatno ili uz naknadu, tre\u0107im stranama, fizi\u010dkim ili pravnim licima.<br \/>Prava vlasni\u0161tva: Svi elementi ovog sajta su u vlasni\u0161tvu izdava\u010da ovog sajta, osim elemenata koji poti\u010du od partnera. Za\u0161tita sajta www.artoisplastiques.fr se, stoga, vr\u0161i u skladu sa nacionalnim i me\u0111unarodnim zakonodavstvom u vezi sa pravima intelektualne svojine. Svaka reprodukcija i\/ili predstavljanje i\/ili ponovna distribucija, u celini ili delimi\u010dno, na bilo kojem elektronskom ili drugom mediju, sada\u0161njem ili budu\u0107em, je zabranjena osim uz izri\u010ditu i prethodnu dozvolu.   <\/p>\n\t\t\t\t\t\t\t\t<\/div>\n\t\t\t\t<\/div>\n\t\t\t\t<div class=\"elementor-element elementor-element-0ea3024 elementor-widget elementor-widget-text-editor\" data-id=\"0ea3024\" data-element_type=\"widget\" data-e-type=\"widget\" data-widget_type=\"text-editor.default\">\n\t\t\t\t<div class=\"elementor-widget-container\">\n\t\t\t\t\t\t\t\t\t<p><strong><span style=\"color: #177600;\">Hiperveze:<\/span><\/strong><\/p>\n<p>Artois Plastiques dozvoljava svakom internetu sajtu ili drugom mediju da citira sajt ili postavi hipervezu ka adresi www.artois-plastiques.fr.<\/p>\n\t\t\t\t\t\t\t\t<\/div>\n\t\t\t\t<\/div>\n\t\t\t\t\t<\/div>\n\t\t\t\t<\/div>\n\t\t\t\t<\/div>\n\t\t","protected":false},"excerpt":{"rendered":"<p>Pravna obave\u0161tenja \/ Krediti U cilju ve\u0107eg po\u0161tovanja sloboda svakog pojedinca, www.artoisplastiques.fr po\u0161tuje slede\u0107e odredbe: Zakon od 6. januara 1978. o ra\u010dunarskoj i li\u010dnim slobodama: U skladu sa zakonom br. 78-17 od 6. januara 1978, u svakom trenutku mo\u017eete pristupiti li\u010dnim podacima koji se odnose na vas i koji su u na\u0161oj posedini, zahtevati njihovu [&hellip;]<\/p>\n","protected":false},"author":1,"featured_media":58,"parent":0,"menu_order":0,"comment_status":"closed","ping_status":"closed","template":"","meta":{"_acf_changed":false,"iawp_total_views":6,"footnotes":""},"class_list":["post-3098","page","type-page","status-publish","has-post-thumbnail","hentry"],"acf":[],"yoast_head":"<!-- This site is optimized with the Yoast SEO plugin v27.4 - https:\/\/yoast.com\/product\/yoast-seo-wordpress\/ -->\n<title>Pravna obave\u0161tenja - Artois Plastiques<\/title>\n<meta name=\"robots\" content=\"index, follow, max-snippet:-1, max-image-preview:large, max-video-preview:-1\" \/>\n<link rel=\"canonical\" href=\"https:\/\/www.artoisplastiques.fr\/sr\/pravna-obavestenja\/\" \/>\n<meta property=\"og:locale\" content=\"sr_RS\" \/>\n<meta property=\"og:type\" content=\"article\" \/>\n<meta property=\"og:title\" content=\"Pravna obave\u0161tenja - Artois Plastiques\" \/>\n<meta property=\"og:description\" content=\"Pravna obave\u0161tenja \/ Krediti U cilju ve\u0107eg po\u0161tovanja sloboda svakog pojedinca, www.artoisplastiques.fr po\u0161tuje slede\u0107e odredbe: Zakon od 6. januara 1978. o ra\u010dunarskoj i li\u010dnim slobodama: U skladu sa zakonom br. 78-17 od 6. januara 1978, u svakom trenutku mo\u017eete pristupiti li\u010dnim podacima koji se odnose na vas i koji su u na\u0161oj posedini, zahtevati njihovu [&hellip;]\" \/>\n<meta property=\"og:url\" content=\"https:\/\/www.artoisplastiques.fr\/sr\/pravna-obavestenja\/\" \/>\n<meta property=\"og:site_name\" content=\"Artois Plastiques\" \/>\n<meta property=\"article:modified_time\" content=\"2024-12-12T13:50:49+00:00\" \/>\n<meta property=\"og:image\" content=\"https:\/\/www.artoisplastiques.fr\/wp-content\/uploads\/2024\/03\/artois-footer.jpg\" \/>\n\t<meta property=\"og:image:width\" content=\"315\" \/>\n\t<meta property=\"og:image:height\" content=\"116\" \/>\n\t<meta property=\"og:image:type\" content=\"image\/jpeg\" \/>\n<meta name=\"twitter:card\" content=\"summary_large_image\" \/>\n<meta name=\"twitter:label1\" content=\"\u041f\u0440\u043e\u0446\u0435\u045a\u0435\u043d\u043e \u0432\u0440\u0435\u043c\u0435 \u0447\u0438\u0442\u0430\u045a\u0430\" \/>\n\t<meta name=\"twitter:data1\" content=\"1 \u043c\u0438\u043d\u0443\u0442\" \/>\n<script type=\"application\/ld+json\" class=\"yoast-schema-graph\">{\"@context\":\"https:\\\/\\\/schema.org\",\"@graph\":[{\"@type\":\"WebPage\",\"@id\":\"https:\\\/\\\/www.artoisplastiques.fr\\\/sr\\\/pravna-obavestenja\\\/\",\"url\":\"https:\\\/\\\/www.artoisplastiques.fr\\\/sr\\\/pravna-obavestenja\\\/\",\"name\":\"Pravna obave\u0161tenja - Artois Plastiques\",\"isPartOf\":{\"@id\":\"https:\\\/\\\/www.artoisplastiques.fr\\\/sr\\\/#website\"},\"primaryImageOfPage\":{\"@id\":\"https:\\\/\\\/www.artoisplastiques.fr\\\/sr\\\/pravna-obavestenja\\\/#primaryimage\"},\"image\":{\"@id\":\"https:\\\/\\\/www.artoisplastiques.fr\\\/sr\\\/pravna-obavestenja\\\/#primaryimage\"},\"thumbnailUrl\":\"https:\\\/\\\/www.artoisplastiques.fr\\\/wp-content\\\/uploads\\\/2024\\\/03\\\/artois-footer.jpg\",\"datePublished\":\"2024-03-13T13:50:24+00:00\",\"dateModified\":\"2024-12-12T13:50:49+00:00\",\"breadcrumb\":{\"@id\":\"https:\\\/\\\/www.artoisplastiques.fr\\\/sr\\\/pravna-obavestenja\\\/#breadcrumb\"},\"inLanguage\":\"sr-RS\",\"potentialAction\":[{\"@type\":\"ReadAction\",\"target\":[\"https:\\\/\\\/www.artoisplastiques.fr\\\/sr\\\/pravna-obavestenja\\\/\"]}]},{\"@type\":\"ImageObject\",\"inLanguage\":\"sr-RS\",\"@id\":\"https:\\\/\\\/www.artoisplastiques.fr\\\/sr\\\/pravna-obavestenja\\\/#primaryimage\",\"url\":\"https:\\\/\\\/www.artoisplastiques.fr\\\/wp-content\\\/uploads\\\/2024\\\/03\\\/artois-footer.jpg\",\"contentUrl\":\"https:\\\/\\\/www.artoisplastiques.fr\\\/wp-content\\\/uploads\\\/2024\\\/03\\\/artois-footer.jpg\",\"width\":315,\"height\":116,\"caption\":\"logo artois plastiques footer\"},{\"@type\":\"BreadcrumbList\",\"@id\":\"https:\\\/\\\/www.artoisplastiques.fr\\\/sr\\\/pravna-obavestenja\\\/#breadcrumb\",\"itemListElement\":[{\"@type\":\"ListItem\",\"position\":1,\"name\":\"Accueil\",\"item\":\"https:\\\/\\\/www.artoisplastiques.fr\\\/sr\\\/\"},{\"@type\":\"ListItem\",\"position\":2,\"name\":\"Pravna obave\u0161tenja\"}]},{\"@type\":\"WebSite\",\"@id\":\"https:\\\/\\\/www.artoisplastiques.fr\\\/sr\\\/#website\",\"url\":\"https:\\\/\\\/www.artoisplastiques.fr\\\/sr\\\/\",\"name\":\"Artois Plastiques\",\"description\":\"ARTOIS PLASTIQUES VOTRE PARTENAIRE POUR LA R\u00c9ALISATION DE PI\u00c8CES EN PLASTIQUES TECHNIQUES\",\"potentialAction\":[{\"@type\":\"SearchAction\",\"target\":{\"@type\":\"EntryPoint\",\"urlTemplate\":\"https:\\\/\\\/www.artoisplastiques.fr\\\/sr\\\/?s={search_term_string}\"},\"query-input\":{\"@type\":\"PropertyValueSpecification\",\"valueRequired\":true,\"valueName\":\"search_term_string\"}}],\"inLanguage\":\"sr-RS\"}]}<\/script>\n<!-- \/ Yoast SEO plugin. -->","yoast_head_json":{"title":"Pravna obave\u0161tenja - Artois Plastiques","robots":{"index":"index","follow":"follow","max-snippet":"max-snippet:-1","max-image-preview":"max-image-preview:large","max-video-preview":"max-video-preview:-1"},"canonical":"https:\/\/www.artoisplastiques.fr\/sr\/pravna-obavestenja\/","og_locale":"sr_RS","og_type":"article","og_title":"Pravna obave\u0161tenja - Artois Plastiques","og_description":"Pravna obave\u0161tenja \/ Krediti U cilju ve\u0107eg po\u0161tovanja sloboda svakog pojedinca, www.artoisplastiques.fr po\u0161tuje slede\u0107e odredbe: Zakon od 6. januara 1978. o ra\u010dunarskoj i li\u010dnim slobodama: U skladu sa zakonom br. 78-17 od 6. januara 1978, u svakom trenutku mo\u017eete pristupiti li\u010dnim podacima koji se odnose na vas i koji su u na\u0161oj posedini, zahtevati njihovu [&hellip;]","og_url":"https:\/\/www.artoisplastiques.fr\/sr\/pravna-obavestenja\/","og_site_name":"Artois Plastiques","article_modified_time":"2024-12-12T13:50:49+00:00","og_image":[{"width":315,"height":116,"url":"https:\/\/www.artoisplastiques.fr\/wp-content\/uploads\/2024\/03\/artois-footer.jpg","type":"image\/jpeg"}],"twitter_card":"summary_large_image","twitter_misc":{"\u041f\u0440\u043e\u0446\u0435\u045a\u0435\u043d\u043e \u0432\u0440\u0435\u043c\u0435 \u0447\u0438\u0442\u0430\u045a\u0430":"1 \u043c\u0438\u043d\u0443\u0442"},"schema":{"@context":"https:\/\/schema.org","@graph":[{"@type":"WebPage","@id":"https:\/\/www.artoisplastiques.fr\/sr\/pravna-obavestenja\/","url":"https:\/\/www.artoisplastiques.fr\/sr\/pravna-obavestenja\/","name":"Pravna obave\u0161tenja - Artois Plastiques","isPartOf":{"@id":"https:\/\/www.artoisplastiques.fr\/sr\/#website"},"primaryImageOfPage":{"@id":"https:\/\/www.artoisplastiques.fr\/sr\/pravna-obavestenja\/#primaryimage"},"image":{"@id":"https:\/\/www.artoisplastiques.fr\/sr\/pravna-obavestenja\/#primaryimage"},"thumbnailUrl":"https:\/\/www.artoisplastiques.fr\/wp-content\/uploads\/2024\/03\/artois-footer.jpg","datePublished":"2024-03-13T13:50:24+00:00","dateModified":"2024-12-12T13:50:49+00:00","breadcrumb":{"@id":"https:\/\/www.artoisplastiques.fr\/sr\/pravna-obavestenja\/#breadcrumb"},"inLanguage":"sr-RS","potentialAction":[{"@type":"ReadAction","target":["https:\/\/www.artoisplastiques.fr\/sr\/pravna-obavestenja\/"]}]},{"@type":"ImageObject","inLanguage":"sr-RS","@id":"https:\/\/www.artoisplastiques.fr\/sr\/pravna-obavestenja\/#primaryimage","url":"https:\/\/www.artoisplastiques.fr\/wp-content\/uploads\/2024\/03\/artois-footer.jpg","contentUrl":"https:\/\/www.artoisplastiques.fr\/wp-content\/uploads\/2024\/03\/artois-footer.jpg","width":315,"height":116,"caption":"logo artois plastiques footer"},{"@type":"BreadcrumbList","@id":"https:\/\/www.artoisplastiques.fr\/sr\/pravna-obavestenja\/#breadcrumb","itemListElement":[{"@type":"ListItem","position":1,"name":"Accueil","item":"https:\/\/www.artoisplastiques.fr\/sr\/"},{"@type":"ListItem","position":2,"name":"Pravna obave\u0161tenja"}]},{"@type":"WebSite","@id":"https:\/\/www.artoisplastiques.fr\/sr\/#website","url":"https:\/\/www.artoisplastiques.fr\/sr\/","name":"Artois Plastiques","description":"ARTOIS PLASTIQUES VOTRE PARTENAIRE POUR LA R\u00c9ALISATION DE PI\u00c8CES EN PLASTIQUES TECHNIQUES","potentialAction":[{"@type":"SearchAction","target":{"@type":"EntryPoint","urlTemplate":"https:\/\/www.artoisplastiques.fr\/sr\/?s={search_term_string}"},"query-input":{"@type":"PropertyValueSpecification","valueRequired":true,"valueName":"search_term_string"}}],"inLanguage":"sr-RS"}]}},"_links":{"self":[{"href":"https:\/\/www.artoisplastiques.fr\/sr\/wp-json\/wp\/v2\/pages\/3098","targetHints":{"allow":["GET"]}}],"collection":[{"href":"https:\/\/www.artoisplastiques.fr\/sr\/wp-json\/wp\/v2\/pages"}],"about":[{"href":"https:\/\/www.artoisplastiques.fr\/sr\/wp-json\/wp\/v2\/types\/page"}],"author":[{"embeddable":true,"href":"https:\/\/www.artoisplastiques.fr\/sr\/wp-json\/wp\/v2\/users\/1"}],"replies":[{"embeddable":true,"href":"https:\/\/www.artoisplastiques.fr\/sr\/wp-json\/wp\/v2\/comments?post=3098"}],"version-history":[{"count":3,"href":"https:\/\/www.artoisplastiques.fr\/sr\/wp-json\/wp\/v2\/pages\/3098\/revisions"}],"predecessor-version":[{"id":3101,"href":"https:\/\/www.artoisplastiques.fr\/sr\/wp-json\/wp\/v2\/pages\/3098\/revisions\/3101"}],"wp:featuredmedia":[{"embeddable":true,"href":"https:\/\/www.artoisplastiques.fr\/sr\/wp-json\/wp\/v2\/media\/58"}],"wp:attachment":[{"href":"https:\/\/www.artoisplastiques.fr\/sr\/wp-json\/wp\/v2\/media?parent=3098"}],"curies":[{"name":"wp","href":"https:\/\/api.w.org\/{rel}","templated":true}]}}